{"id":2162,"date":"2021-09-27T22:25:48","date_gmt":"2021-09-27T22:25:48","guid":{"rendered":"https:\/\/alojamientoslucena.com\/qui-sommes-nous\/"},"modified":"2025-02-02T09:04:26","modified_gmt":"2025-02-02T09:04:26","slug":"qui-sommes-nous","status":"publish","type":"page","link":"https:\/\/alojamientoslucena.com\/fr\/qui-sommes-nous\/","title":{"rendered":"Qui sommes nous ?"},"content":{"rendered":"\t\t<div data-elementor-type=\"wp-page\" data-elementor-id=\"2162\" class=\"elementor elementor-2162 elementor-56\" data-elementor-post-type=\"page\">\n\t\t\t\t\t\t<section class=\"elementor-section elementor-top-section elementor-element elementor-element-313fb6ee elementor-section-full_width elementor-section-height-default elementor-section-height-default\" data-id=\"313fb6ee\" data-element_type=\"section\" data-e-type=\"section\" data-settings=\"{&quot;background_background&quot;:&quot;classic&quot;}\">\n\t\t\t\t\t\t<div class=\"elementor-container elementor-column-gap-no\">\n\t\t\t\t\t<div class=\"elementor-column elementor-col-50 elementor-top-column elementor-element elementor-element-43bb2cb3\" data-id=\"43bb2cb3\" data-element_type=\"column\" data-e-type=\"column\" data-settings=\"{&quot;background_background&quot;:&quot;classic&quot;}\">\n\t\t\t<div class=\"elementor-widget-wrap elementor-element-populated\">\n\t\t\t\t\t\t<div class=\"elementor-element elementor-element-26aa8b33 elementor-widget__width-initial elementor-widget-tablet__width-inherit elementor-widget-mobile__width-inherit elementor-view-default elementor-position-top elementor-widget elementor-widget-themo-header\" data-id=\"26aa8b33\" data-element_type=\"widget\" data-e-type=\"widget\" data-widget_type=\"themo-header.default\">\n\t\t\t\t<div class=\"elementor-widget-container\">\n\t\t\t\t\t\t\t<div class=\"th-header-wrap\">\n        <div class=\"elementor-icon-box-wrapper \">\n                            <div class=\"elementor-icon-box-content\">\n                    <h1 class=\"elementor-icon-box-title\">\n                        Qui sommes nous ?                    <\/h1>\n                                        <p class=\"elementor-icon-box-description\"><\/p>\n\n                                    <\/div>\n            <\/div>\n\n        <\/div>\n\n\t\t\t\t\t\t<\/div>\n\t\t\t\t<\/div>\n\t\t\t\t<div class=\"elementor-element elementor-element-1fc53d7e elementor-widget__width-initial elementor-widget-tablet__width-inherit elementor-widget elementor-widget-image\" data-id=\"1fc53d7e\" data-element_type=\"widget\" data-e-type=\"widget\" data-widget_type=\"image.default\">\n\t\t\t\t<div class=\"elementor-widget-container\">\n\t\t\t\t\t\t\t\t\t\t\t\t\t\t\t<img fetchpriority=\"high\" decoding=\"async\" width=\"1047\" height=\"363\" src=\"https:\/\/alojamientoslucena.com\/wp-content\/uploads\/2024\/12\/cropped-logo-parque-transparente-2.png\" class=\"attachment-full size-full wp-image-1797\" alt=\"\" srcset=\"https:\/\/alojamientoslucena.com\/wp-content\/uploads\/2024\/12\/cropped-logo-parque-transparente-2.png 1047w, https:\/\/alojamientoslucena.com\/wp-content\/uploads\/2024\/12\/cropped-logo-parque-transparente-2-300x104.png 300w, https:\/\/alojamientoslucena.com\/wp-content\/uploads\/2024\/12\/cropped-logo-parque-transparente-2-1024x355.png 1024w, https:\/\/alojamientoslucena.com\/wp-content\/uploads\/2024\/12\/cropped-logo-parque-transparente-2-768x266.png 768w, https:\/\/alojamientoslucena.com\/wp-content\/uploads\/2024\/12\/cropped-logo-parque-transparente-2-231x80.png 231w, https:\/\/alojamientoslucena.com\/wp-content\/uploads\/2024\/12\/cropped-logo-parque-transparente-2-394x137.png 394w, https:\/\/alojamientoslucena.com\/wp-content\/uploads\/2024\/12\/cropped-logo-parque-transparente-2-915x317.png 915w, https:\/\/alojamientoslucena.com\/wp-content\/uploads\/2024\/12\/cropped-logo-parque-transparente-2-288x100.png 288w\" sizes=\"(max-width: 1047px) 100vw, 1047px\" \/>\t\t\t\t\t\t\t\t\t\t\t\t\t\t\t<\/div>\n\t\t\t\t<\/div>\n\t\t\t\t\t<\/div>\n\t\t<\/div>\n\t\t\t\t<div class=\"elementor-column elementor-col-50 elementor-top-column elementor-element elementor-element-aad2a06 elementor-hidden-phone\" data-id=\"aad2a06\" data-element_type=\"column\" data-e-type=\"column\" data-settings=\"{&quot;background_background&quot;:&quot;classic&quot;}\">\n\t\t\t<div class=\"elementor-widget-wrap elementor-element-populated\">\n\t\t\t\t\t\t\t<\/div>\n\t\t<\/div>\n\t\t\t\t\t<\/div>\n\t\t<\/section>\n\t\t\t\t<section class=\"elementor-section elementor-top-section elementor-element elementor-element-8d43996 elementor-section-content-middle elementor-section-boxed elementor-section-height-default elementor-section-height-default\" data-id=\"8d43996\" data-element_type=\"section\" data-e-type=\"section\">\n\t\t\t\t\t\t<div class=\"elementor-container elementor-column-gap-default\">\n\t\t\t\t\t<div class=\"elementor-column elementor-col-50 elementor-top-column elementor-element elementor-element-dc70a45\" data-id=\"dc70a45\" data-element_type=\"column\" data-e-type=\"column\">\n\t\t\t<div class=\"elementor-widget-wrap elementor-element-populated\">\n\t\t\t\t\t\t<div class=\"elementor-element elementor-element-b39777c elementor-widget elementor-widget-text-editor\" data-id=\"b39777c\" data-element_type=\"widget\" data-e-type=\"widget\" data-widget_type=\"text-editor.default\">\n\t\t\t\t<div class=\"elementor-widget-container\">\n\t\t\t\t\t\t\t\t\t<p>Bienvenue dans notre logement, un espace con\u00e7u pour vous offrir confort, tranquillit\u00e9 et une exp\u00e9rience inoubliable. Je m&rsquo;appelle Toni Manchado et je suis l&rsquo;h\u00f4te de ce projet, qui repr\u00e9sente mon premier pas dans le monde de l&rsquo;hospitalit\u00e9. <\/p>\n<p>Notre logement a \u00e9t\u00e9 soigneusement con\u00e7u pour que vous vous sentiez comme chez vous d\u00e8s le premier instant. Situ\u00e9 dans un endroit privil\u00e9gi\u00e9, \u00e0 quelques minutes du centre de Lucena, il allie la proximit\u00e9 des principaux points d&rsquo;int\u00e9r\u00eat \u00e0 la tranquillit\u00e9 n\u00e9cessaire pour se d\u00e9connecter et se d\u00e9tendre. <\/p>\n\t\t\t\t\t\t\t\t<\/div>\n\t\t\t\t<\/div>\n\t\t\t\t\t<\/div>\n\t\t<\/div>\n\t\t\t\t<div class=\"elementor-column elementor-col-50 elementor-top-column elementor-element elementor-element-0c3ecf0\" data-id=\"0c3ecf0\" data-element_type=\"column\" data-e-type=\"column\">\n\t\t\t<div class=\"elementor-widget-wrap elementor-element-populated\">\n\t\t\t\t\t\t<div class=\"elementor-element elementor-element-bd0fb68 elementor-widget elementor-widget-themo-team\" data-id=\"bd0fb68\" data-element_type=\"widget\" data-e-type=\"widget\" data-widget_type=\"themo-team.default\">\n\t\t\t\t<div class=\"elementor-widget-container\">\n\t\t\t\t\t\n        \n            <figure class=\"th-team-member th-team-style-2\">\n                                                            <div class=\"th-team-member-image\"><img decoding=\"async\" width=\"394\" height=\"394\" src=\"https:\/\/alojamientoslucena.com\/wp-content\/uploads\/2024\/12\/6021760091813955957-394x394.jpg\" class=\"th-img-stretch\" alt=\"\" \/><\/div>\n                                                    <figcaption class=\"th-team-member-content\">\n                                        <!--h3>Sue Shei<\/h3-->\n                                                                <p class=\"th-team-member-text\">\"Je suis Toni, votre h\u00f4te, et ma priorit\u00e9 est de faire en sorte que vous vous sentiez comme chez vous.\"<\/p>\n                    \n                                                                <div class=\"th-team-member-social\">\n                            <a href=\"https:\/\/www.instagram.com\/toni_manchado\/?igsh=MThqankwN2gxNGNxYQ%3D%3D\"><i aria-hidden=\"true\" class=\"fab fa-instagram\"><\/i><\/a>                        <\/div>\n                                    <\/figcaption>\n            <\/figure>\n\n        \t\t\t\t\t\t<\/div>\n\t\t\t\t<\/div>\n\t\t\t\t\t<\/div>\n\t\t<\/div>\n\t\t\t\t\t<\/div>\n\t\t<\/section>\n\t\t\t\t<section class=\"elementor-section elementor-top-section elementor-element elementor-element-97119ac elementor-section-content-middle elementor-section-boxed elementor-section-height-default elementor-section-height-default\" data-id=\"97119ac\" data-element_type=\"section\" data-e-type=\"section\">\n\t\t\t\t\t\t<div class=\"elementor-container elementor-column-gap-default\">\n\t\t\t\t\t<div class=\"elementor-column elementor-col-100 elementor-top-column elementor-element elementor-element-181e369\" data-id=\"181e369\" data-element_type=\"column\" data-e-type=\"column\">\n\t\t\t<div class=\"elementor-widget-wrap elementor-element-populated\">\n\t\t\t\t\t\t<div class=\"elementor-element elementor-element-12576b3 elementor-widget elementor-widget-text-editor\" data-id=\"12576b3\" data-element_type=\"widget\" data-e-type=\"widget\" data-widget_type=\"text-editor.default\">\n\t\t\t\t<div class=\"elementor-widget-container\">\n\t\t\t\t\t\t\t\t\t<p>En tant qu&rsquo;h\u00f4te, ma priorit\u00e9 est votre bien-\u00eatre. Je suis l\u00e0 pour vous aider, que ce soit en r\u00e9pondant \u00e0 vos questions ou en vous recommandant les meilleurs endroits \u00e0 visiter, \u00e0 manger ou \u00e0 explorer dans la Subb\u00e9tique. Je suis passionn\u00e9e par le partage de la culture, de l&rsquo;histoire et de la gastronomie de cette belle r\u00e9gion, et j&rsquo;esp\u00e8re que vous appr\u00e9cierez votre s\u00e9jour autant que j&rsquo;appr\u00e9cierai de l&rsquo;organiser pour vous.  <\/p>\n<p>Nous vous remercions de consid\u00e9rer notre h\u00e9bergement pour votre prochaine visite. Chaque d\u00e9tail a \u00e9t\u00e9 pens\u00e9 pour vous faire vivre une exp\u00e9rience unique et emporter des souvenirs inoubliables, nous vous attendons \u00e0 bras ouverts !  <\/p>\n\t\t\t\t\t\t\t\t<\/div>\n\t\t\t\t<\/div>\n\t\t\t\t\t<\/div>\n\t\t<\/div>\n\t\t\t\t\t<\/div>\n\t\t<\/section>\n\t\t\t\t<section class=\"elementor-section elementor-top-section elementor-element elementor-element-8ea9958 elementor-section-boxed elementor-section-height-default elementor-section-height-default\" data-id=\"8ea9958\" data-element_type=\"section\" data-e-type=\"section\" data-settings=\"{&quot;background_background&quot;:&quot;classic&quot;}\">\n\t\t\t\t\t\t<div class=\"elementor-container elementor-column-gap-default\">\n\t\t\t\t\t<div class=\"elementor-column elementor-col-25 elementor-top-column elementor-element elementor-element-e2ef792\" data-id=\"e2ef792\" data-element_type=\"column\" data-e-type=\"column\">\n\t\t\t<div class=\"elementor-widget-wrap elementor-element-populated\">\n\t\t\t\t\t\t<div class=\"elementor-element elementor-element-6cade449 elementor-view-default elementor-widget elementor-widget-themo-header\" data-id=\"6cade449\" data-element_type=\"widget\" data-e-type=\"widget\" data-widget_type=\"themo-header.default\">\n\t\t\t\t<div class=\"elementor-widget-container\">\n\t\t\t\t\t\t\t<div class=\"th-header-wrap\">\n        <div class=\"elementor-icon-box-wrapper th-show-icon\">\n                            <div class=\"elementor-icon-box-icon th-icon-size-sm\">\n                    <span class=\"elementor-icon \">\n                        <i aria-hidden=\"true\" class=\"fas fa-smile-beam\"><\/i>                    <\/span>\n                <\/div>\n                                <div class=\"elementor-icon-box-content\">\n                    <h3 class=\"elementor-icon-box-title\">\n                        Pr\u00eat \u00e0 aider                    <\/h3>\n                                        <p class=\"elementor-icon-box-description\">\"Nous sommes toujours l\u00e0 pour vous aider et veiller \u00e0 ce que vous passiez un s\u00e9jour parfait.\"<\/p>\n\n                                    <\/div>\n            <\/div>\n\n        <\/div>\n\n\t\t\t\t\t\t<\/div>\n\t\t\t\t<\/div>\n\t\t\t\t\t<\/div>\n\t\t<\/div>\n\t\t\t\t<div class=\"elementor-column elementor-col-25 elementor-top-column elementor-element elementor-element-7fcaab9\" data-id=\"7fcaab9\" data-element_type=\"column\" data-e-type=\"column\">\n\t\t\t<div class=\"elementor-widget-wrap elementor-element-populated\">\n\t\t\t\t\t\t<div class=\"elementor-element elementor-element-eda1e59 elementor-view-default elementor-widget elementor-widget-themo-header\" data-id=\"eda1e59\" data-element_type=\"widget\" data-e-type=\"widget\" data-widget_type=\"themo-header.default\">\n\t\t\t\t<div class=\"elementor-widget-container\">\n\t\t\t\t\t\t\t<div class=\"th-header-wrap\">\n        <div class=\"elementor-icon-box-wrapper th-show-icon\">\n                            <div class=\"elementor-icon-box-icon th-icon-size-sm\">\n                    <span class=\"elementor-icon \">\n                        <i aria-hidden=\"true\" class=\"fab fa-rocketchat\"><\/i>                    <\/span>\n                <\/div>\n                                <div class=\"elementor-icon-box-content\">\n                    <h3 class=\"elementor-icon-box-title\">\n                        Une communication fluide                     <\/h3>\n                                        <p class=\"elementor-icon-box-description\">\"Nous nous effor\u00e7ons de communiquer clairement et rapidement pour r\u00e9pondre \u00e0 toutes les questions et \u00e0 tous les besoins.\"<\/p>\n\n                                    <\/div>\n            <\/div>\n\n        <\/div>\n\n\t\t\t\t\t\t<\/div>\n\t\t\t\t<\/div>\n\t\t\t\t\t<\/div>\n\t\t<\/div>\n\t\t\t\t<div class=\"elementor-column elementor-col-25 elementor-top-column elementor-element elementor-element-13f5448\" data-id=\"13f5448\" data-element_type=\"column\" data-e-type=\"column\">\n\t\t\t<div class=\"elementor-widget-wrap elementor-element-populated\">\n\t\t\t\t\t\t<div class=\"elementor-element elementor-element-b54efb9 elementor-view-default elementor-widget elementor-widget-themo-header\" data-id=\"b54efb9\" data-element_type=\"widget\" data-e-type=\"widget\" data-widget_type=\"themo-header.default\">\n\t\t\t\t<div class=\"elementor-widget-container\">\n\t\t\t\t\t\t\t<div class=\"th-header-wrap\">\n        <div class=\"elementor-icon-box-wrapper th-show-icon\">\n                            <div class=\"elementor-icon-box-icon th-icon-size-sm\">\n                    <span class=\"elementor-icon \">\n                        <i aria-hidden=\"true\" class=\"fas fa-star\"><\/i>                    <\/span>\n                <\/div>\n                                <div class=\"elementor-icon-box-content\">\n                    <h3 class=\"elementor-icon-box-title\">\n                        Nous faisons de notre mieux                    <\/h3>\n                                        <p class=\"elementor-icon-box-description\">\"Votre confort est notre priorit\u00e9 et nous ferons tout ce qui est en notre pouvoir pour l'assurer.\"<\/p>\n\n                                    <\/div>\n            <\/div>\n\n        <\/div>\n\n\t\t\t\t\t\t<\/div>\n\t\t\t\t<\/div>\n\t\t\t\t\t<\/div>\n\t\t<\/div>\n\t\t\t\t<div class=\"elementor-column elementor-col-25 elementor-top-column elementor-element elementor-element-a85bbe2\" data-id=\"a85bbe2\" data-element_type=\"column\" data-e-type=\"column\">\n\t\t\t<div class=\"elementor-widget-wrap elementor-element-populated\">\n\t\t\t\t\t\t<div class=\"elementor-element elementor-element-5ab9abd elementor-view-default elementor-widget elementor-widget-themo-header\" data-id=\"5ab9abd\" data-element_type=\"widget\" data-e-type=\"widget\" data-widget_type=\"themo-header.default\">\n\t\t\t\t<div class=\"elementor-widget-container\">\n\t\t\t\t\t\t\t<div class=\"th-header-wrap\">\n        <div class=\"elementor-icon-box-wrapper th-show-icon\">\n                            <div class=\"elementor-icon-box-icon th-icon-size-sm\">\n                    <span class=\"elementor-icon \">\n                        <i aria-hidden=\"true\" class=\"far fa-heart\"><\/i>                    <\/span>\n                <\/div>\n                                <div class=\"elementor-icon-box-content\">\n                    <h3 class=\"elementor-icon-box-title\">\n                        Nous nous soucions                    <\/h3>\n                                        <p class=\"elementor-icon-box-description\">\"Nous prenons soin de chaque d\u00e9tail pour que vous vous sentiez sp\u00e9cial et que vous profitiez au maximum de votre s\u00e9jour chez nous.\"<\/p>\n\n                                    <\/div>\n            <\/div>\n\n        <\/div>\n\n\t\t\t\t\t\t<\/div>\n\t\t\t\t<\/div>\n\t\t\t\t\t<\/div>\n\t\t<\/div>\n\t\t\t\t\t<\/div>\n\t\t<\/section>\n\t\t\t\t<section class=\"elementor-section elementor-top-section elementor-element elementor-element-2fcc4c86 elementor-section-full_width elementor-section-stretched elementor-section-height-default elementor-section-height-default\" data-id=\"2fcc4c86\" data-element_type=\"section\" data-e-type=\"section\" data-settings=\"{&quot;stretch_section&quot;:&quot;section-stretched&quot;}\">\n\t\t\t\t\t\t<div class=\"elementor-container elementor-column-gap-default\">\n\t\t\t\t\t<div class=\"elementor-column elementor-col-66 elementor-top-column elementor-element elementor-element-100eac94\" data-id=\"100eac94\" data-element_type=\"column\" data-e-type=\"column\">\n\t\t\t<div class=\"elementor-widget-wrap elementor-element-populated\">\n\t\t\t\t\t\t<div class=\"elementor-element elementor-element-7094898c elementor-widget elementor-widget-google_maps\" data-id=\"7094898c\" data-element_type=\"widget\" data-e-type=\"widget\" data-widget_type=\"google_maps.default\">\n\t\t\t\t<div class=\"elementor-widget-container\">\n\t\t\t\t\t\t\t<div class=\"elementor-custom-embed\">\n\t\t\t<iframe loading=\"lazy\"\n\t\t\t\t\tsrc=\"https:\/\/maps.google.com\/maps?q=Federico%20Garcias%20Lorca%20%20%20Lucefna&#038;t=m&#038;z=15&#038;output=embed&#038;iwloc=near\"\n\t\t\t\t\ttitle=\"Federico Garcias Lorca   Lucefna\"\n\t\t\t\t\taria-label=\"Federico Garcias Lorca   Lucefna\"\n\t\t\t><\/iframe>\n\t\t<\/div>\n\t\t\t\t\t\t<\/div>\n\t\t\t\t<\/div>\n\t\t\t\t\t<\/div>\n\t\t<\/div>\n\t\t\t\t<div class=\"elementor-column elementor-col-33 elementor-top-column elementor-element elementor-element-82ad75e\" data-id=\"82ad75e\" data-element_type=\"column\" data-e-type=\"column\" data-settings=\"{&quot;background_background&quot;:&quot;classic&quot;}\">\n\t\t\t<div class=\"elementor-widget-wrap elementor-element-populated\">\n\t\t\t\t\t\t<div class=\"elementor-element elementor-element-3303c17d elementor-view-default elementor-position-top elementor-widget elementor-widget-themo-header\" data-id=\"3303c17d\" data-element_type=\"widget\" data-e-type=\"widget\" data-widget_type=\"themo-header.default\">\n\t\t\t\t<div class=\"elementor-widget-container\">\n\t\t\t\t\t\t\t<div class=\"th-header-wrap\">\n        <div class=\"elementor-icon-box-wrapper \">\n                            <div class=\"elementor-icon-box-content\">\n                    <h5 class=\"elementor-icon-box-title\">\n                        Apt. El Parque                     <\/h5>\n                                        <p class=\"elementor-icon-box-description\">Paseo de Rojas Lucena, C\u00f3rdoba<\/p>\n\n                                    <\/div>\n            <\/div>\n\n        <\/div>\n\n\t\t\t\t\t\t<\/div>\n\t\t\t\t<\/div>\n\t\t\t\t<div class=\"elementor-element elementor-element-21ae6685 elementor-widget elementor-widget-text-editor\" data-id=\"21ae6685\" data-element_type=\"widget\" data-e-type=\"widget\" data-widget_type=\"text-editor.default\">\n\t\t\t\t<div class=\"elementor-widget-container\">\n\t\t\t\t\t\t\t\t\t<p>Du lundi au vendredi :<br \/>de 10:00 \u00e0 13:00 &#8211; 17:00 &#8211; 19:00<\/p>\n\t\t\t\t\t\t\t\t<\/div>\n\t\t\t\t<\/div>\n\t\t\t\t<div class=\"elementor-element elementor-element-7419359e elementor-icon-list--layout-inline elementor-list-item-link-full_width elementor-widget elementor-widget-icon-list\" data-id=\"7419359e\" data-element_type=\"widget\" data-e-type=\"widget\" data-widget_type=\"icon-list.default\">\n\t\t\t\t<div class=\"elementor-widget-container\">\n\t\t\t\t\t\t\t<ul class=\"elementor-icon-list-items elementor-inline-items\">\n\t\t\t\t\t\t\t<li class=\"elementor-icon-list-item elementor-inline-item\">\n\t\t\t\t\t\t\t\t\t\t\t<a href=\"http:\/\/003465261548\">\n\n\t\t\t\t\t\t\t\t\t\t\t<span class=\"elementor-icon-list-text\">APPELEZ-NOUS<\/span>\n\t\t\t\t\t\t\t\t\t\t\t<\/a>\n\t\t\t\t\t\t\t\t\t<\/li>\n\t\t\t\t\t\t\t\t<li class=\"elementor-icon-list-item elementor-inline-item\">\n\t\t\t\t\t\t\t\t\t\t\t<a href=\"mailto:hola@alojamientoslucena.com\">\n\n\t\t\t\t\t\t\t\t\t\t\t<span class=\"elementor-icon-list-text\">NOUS \u00c9CRIRE<\/span>\n\t\t\t\t\t\t\t\t\t\t\t<\/a>\n\t\t\t\t\t\t\t\t\t<\/li>\n\t\t\t\t\t\t<\/ul>\n\t\t\t\t\t\t<\/div>\n\t\t\t\t<\/div>\n\t\t\t\t\t<\/div>\n\t\t<\/div>\n\t\t\t\t\t<\/div>\n\t\t<\/section>\n\t\t\t\t<\/div>\n\t\t","protected":false},"excerpt":{"rendered":"<p>Qui sommes nous ? Bienvenue dans notre logement, un espace con\u00e7u pour vous offrir confort, tranquillit\u00e9 et une exp\u00e9rience inoubliable. Je m&rsquo;appelle Toni Manchado et je suis l&rsquo;h\u00f4te de ce projet, qui repr\u00e9sente mon premier pas dans le monde de &hellip; <a href=\"https:\/\/alojamientoslucena.com\/fr\/qui-sommes-nous\/\">Read More<\/a><\/p>\n","protected":false},"author":1,"featured_media":0,"parent":0,"menu_order":3,"comment_status":"closed","ping_status":"closed","template":"","meta":{"footnotes":""},"class_list":["post-2162","page","type-page","status-publish","hentry"],"yoast_head":"<!-- This site is optimized with the Yoast SEO plugin v27.1.1 - https:\/\/yoast.com\/product\/yoast-seo-wordpress\/ -->\n<title>Qui sommes nous ? - Alojamientos Lucena<\/title>\n<meta name=\"robots\" content=\"index, follow, max-snippet:-1, max-image-preview:large, max-video-preview:-1\" \/>\n<link rel=\"canonical\" href=\"https:\/\/alojamientoslucena.com\/fr\/qui-sommes-nous\/\" \/>\n<meta property=\"og:locale\" content=\"fr_FR\" \/>\n<meta property=\"og:type\" content=\"article\" \/>\n<meta property=\"og:title\" content=\"Qui sommes nous ? - Alojamientos Lucena\" \/>\n<meta property=\"og:description\" content=\"Qui sommes nous ? Bienvenue dans notre logement, un espace con\u00e7u pour vous offrir confort, tranquillit\u00e9 et une exp\u00e9rience inoubliable. Je m&rsquo;appelle Toni Manchado et je suis l&rsquo;h\u00f4te de ce projet, qui repr\u00e9sente mon premier pas dans le monde de &hellip; Read More\" \/>\n<meta property=\"og:url\" content=\"https:\/\/alojamientoslucena.com\/fr\/qui-sommes-nous\/\" \/>\n<meta property=\"og:site_name\" content=\"Alojamientos Lucena\" \/>\n<meta property=\"article:modified_time\" content=\"2025-02-02T09:04:26+00:00\" \/>\n<meta property=\"og:image\" content=\"https:\/\/alojamientoslucena.com\/wp-content\/uploads\/2024\/12\/cropped-logo-parque-transparente-2.png\" \/>\n\t<meta property=\"og:image:width\" content=\"1047\" \/>\n\t<meta property=\"og:image:height\" content=\"363\" \/>\n\t<meta property=\"og:image:type\" content=\"image\/png\" \/>\n<meta name=\"twitter:card\" content=\"summary_large_image\" \/>\n<meta name=\"twitter:label1\" content=\"Dur\u00e9e de lecture estim\u00e9e\" \/>\n\t<meta name=\"twitter:data1\" content=\"2 minutes\" \/>\n<script type=\"application\/ld+json\" class=\"yoast-schema-graph\">{\"@context\":\"https:\/\/schema.org\",\"@graph\":[{\"@type\":\"WebPage\",\"@id\":\"https:\/\/alojamientoslucena.com\/fr\/qui-sommes-nous\/\",\"url\":\"https:\/\/alojamientoslucena.com\/fr\/qui-sommes-nous\/\",\"name\":\"Qui sommes nous ? - Alojamientos Lucena\",\"isPartOf\":{\"@id\":\"https:\/\/alojamientoslucena.com\/fr\/#website\"},\"primaryImageOfPage\":{\"@id\":\"https:\/\/alojamientoslucena.com\/fr\/qui-sommes-nous\/#primaryimage\"},\"image\":{\"@id\":\"https:\/\/alojamientoslucena.com\/fr\/qui-sommes-nous\/#primaryimage\"},\"thumbnailUrl\":\"https:\/\/alojamientoslucena.com\/wp-content\/uploads\/2024\/12\/cropped-logo-parque-transparente-2.png\",\"datePublished\":\"2021-09-27T22:25:48+00:00\",\"dateModified\":\"2025-02-02T09:04:26+00:00\",\"breadcrumb\":{\"@id\":\"https:\/\/alojamientoslucena.com\/fr\/qui-sommes-nous\/#breadcrumb\"},\"inLanguage\":\"fr-FR\",\"potentialAction\":[{\"@type\":\"ReadAction\",\"target\":[\"https:\/\/alojamientoslucena.com\/fr\/qui-sommes-nous\/\"]}]},{\"@type\":\"ImageObject\",\"inLanguage\":\"fr-FR\",\"@id\":\"https:\/\/alojamientoslucena.com\/fr\/qui-sommes-nous\/#primaryimage\",\"url\":\"https:\/\/alojamientoslucena.com\/wp-content\/uploads\/2024\/12\/cropped-logo-parque-transparente-2.png\",\"contentUrl\":\"https:\/\/alojamientoslucena.com\/wp-content\/uploads\/2024\/12\/cropped-logo-parque-transparente-2.png\"},{\"@type\":\"BreadcrumbList\",\"@id\":\"https:\/\/alojamientoslucena.com\/fr\/qui-sommes-nous\/#breadcrumb\",\"itemListElement\":[{\"@type\":\"ListItem\",\"position\":1,\"name\":\"Portada\",\"item\":\"https:\/\/alojamientoslucena.com\/fr\/appartement-calme-el-parque\/\"},{\"@type\":\"ListItem\",\"position\":2,\"name\":\"Qui sommes nous ?\"}]},{\"@type\":\"WebSite\",\"@id\":\"https:\/\/alojamientoslucena.com\/fr\/#website\",\"url\":\"https:\/\/alojamientoslucena.com\/fr\/\",\"name\":\"Alojamientos Lucena\",\"description\":\"Apartamento tur\u00edstico en Lucena\",\"publisher\":{\"@id\":\"https:\/\/alojamientoslucena.com\/fr\/#organization\"},\"potentialAction\":[{\"@type\":\"SearchAction\",\"target\":{\"@type\":\"EntryPoint\",\"urlTemplate\":\"https:\/\/alojamientoslucena.com\/fr\/?s={search_term_string}\"},\"query-input\":{\"@type\":\"PropertyValueSpecification\",\"valueRequired\":true,\"valueName\":\"search_term_string\"}}],\"inLanguage\":\"fr-FR\"},{\"@type\":\"Organization\",\"@id\":\"https:\/\/alojamientoslucena.com\/fr\/#organization\",\"name\":\"Apartamento tranquilo \\\"El Parque\\\"\",\"url\":\"https:\/\/alojamientoslucena.com\/fr\/\",\"logo\":{\"@type\":\"ImageObject\",\"inLanguage\":\"fr-FR\",\"@id\":\"https:\/\/alojamientoslucena.com\/fr\/#\/schema\/logo\/image\/\",\"url\":\"https:\/\/alojamientoslucena.com\/wp-content\/uploads\/2024\/12\/cropped-logo-parque-transparente-3.png\",\"contentUrl\":\"https:\/\/alojamientoslucena.com\/wp-content\/uploads\/2024\/12\/cropped-logo-parque-transparente-3.png\",\"width\":1038,\"height\":362,\"caption\":\"Apartamento tranquilo \\\"El Parque\\\"\"},\"image\":{\"@id\":\"https:\/\/alojamientoslucena.com\/fr\/#\/schema\/logo\/image\/\"}}]}<\/script>\n<!-- \/ Yoast SEO plugin. -->","yoast_head_json":{"title":"Qui sommes nous ? - Alojamientos Lucena","robots":{"index":"index","follow":"follow","max-snippet":"max-snippet:-1","max-image-preview":"max-image-preview:large","max-video-preview":"max-video-preview:-1"},"canonical":"https:\/\/alojamientoslucena.com\/fr\/qui-sommes-nous\/","og_locale":"fr_FR","og_type":"article","og_title":"Qui sommes nous ? - Alojamientos Lucena","og_description":"Qui sommes nous ? Bienvenue dans notre logement, un espace con\u00e7u pour vous offrir confort, tranquillit\u00e9 et une exp\u00e9rience inoubliable. Je m&rsquo;appelle Toni Manchado et je suis l&rsquo;h\u00f4te de ce projet, qui repr\u00e9sente mon premier pas dans le monde de &hellip; Read More","og_url":"https:\/\/alojamientoslucena.com\/fr\/qui-sommes-nous\/","og_site_name":"Alojamientos Lucena","article_modified_time":"2025-02-02T09:04:26+00:00","og_image":[{"width":1047,"height":363,"url":"https:\/\/alojamientoslucena.com\/wp-content\/uploads\/2024\/12\/cropped-logo-parque-transparente-2.png","type":"image\/png"}],"twitter_card":"summary_large_image","twitter_misc":{"Dur\u00e9e de lecture estim\u00e9e":"2 minutes"},"schema":{"@context":"https:\/\/schema.org","@graph":[{"@type":"WebPage","@id":"https:\/\/alojamientoslucena.com\/fr\/qui-sommes-nous\/","url":"https:\/\/alojamientoslucena.com\/fr\/qui-sommes-nous\/","name":"Qui sommes nous ? - Alojamientos Lucena","isPartOf":{"@id":"https:\/\/alojamientoslucena.com\/fr\/#website"},"primaryImageOfPage":{"@id":"https:\/\/alojamientoslucena.com\/fr\/qui-sommes-nous\/#primaryimage"},"image":{"@id":"https:\/\/alojamientoslucena.com\/fr\/qui-sommes-nous\/#primaryimage"},"thumbnailUrl":"https:\/\/alojamientoslucena.com\/wp-content\/uploads\/2024\/12\/cropped-logo-parque-transparente-2.png","datePublished":"2021-09-27T22:25:48+00:00","dateModified":"2025-02-02T09:04:26+00:00","breadcrumb":{"@id":"https:\/\/alojamientoslucena.com\/fr\/qui-sommes-nous\/#breadcrumb"},"inLanguage":"fr-FR","potentialAction":[{"@type":"ReadAction","target":["https:\/\/alojamientoslucena.com\/fr\/qui-sommes-nous\/"]}]},{"@type":"ImageObject","inLanguage":"fr-FR","@id":"https:\/\/alojamientoslucena.com\/fr\/qui-sommes-nous\/#primaryimage","url":"https:\/\/alojamientoslucena.com\/wp-content\/uploads\/2024\/12\/cropped-logo-parque-transparente-2.png","contentUrl":"https:\/\/alojamientoslucena.com\/wp-content\/uploads\/2024\/12\/cropped-logo-parque-transparente-2.png"},{"@type":"BreadcrumbList","@id":"https:\/\/alojamientoslucena.com\/fr\/qui-sommes-nous\/#breadcrumb","itemListElement":[{"@type":"ListItem","position":1,"name":"Portada","item":"https:\/\/alojamientoslucena.com\/fr\/appartement-calme-el-parque\/"},{"@type":"ListItem","position":2,"name":"Qui sommes nous ?"}]},{"@type":"WebSite","@id":"https:\/\/alojamientoslucena.com\/fr\/#website","url":"https:\/\/alojamientoslucena.com\/fr\/","name":"Alojamientos Lucena","description":"Apartamento tur\u00edstico en Lucena","publisher":{"@id":"https:\/\/alojamientoslucena.com\/fr\/#organization"},"potentialAction":[{"@type":"SearchAction","target":{"@type":"EntryPoint","urlTemplate":"https:\/\/alojamientoslucena.com\/fr\/?s={search_term_string}"},"query-input":{"@type":"PropertyValueSpecification","valueRequired":true,"valueName":"search_term_string"}}],"inLanguage":"fr-FR"},{"@type":"Organization","@id":"https:\/\/alojamientoslucena.com\/fr\/#organization","name":"Apartamento tranquilo \"El Parque\"","url":"https:\/\/alojamientoslucena.com\/fr\/","logo":{"@type":"ImageObject","inLanguage":"fr-FR","@id":"https:\/\/alojamientoslucena.com\/fr\/#\/schema\/logo\/image\/","url":"https:\/\/alojamientoslucena.com\/wp-content\/uploads\/2024\/12\/cropped-logo-parque-transparente-3.png","contentUrl":"https:\/\/alojamientoslucena.com\/wp-content\/uploads\/2024\/12\/cropped-logo-parque-transparente-3.png","width":1038,"height":362,"caption":"Apartamento tranquilo \"El Parque\""},"image":{"@id":"https:\/\/alojamientoslucena.com\/fr\/#\/schema\/logo\/image\/"}}]}},"_links":{"self":[{"href":"https:\/\/alojamientoslucena.com\/fr\/wp-json\/wp\/v2\/pages\/2162","targetHints":{"allow":["GET"]}}],"collection":[{"href":"https:\/\/alojamientoslucena.com\/fr\/wp-json\/wp\/v2\/pages"}],"about":[{"href":"https:\/\/alojamientoslucena.com\/fr\/wp-json\/wp\/v2\/types\/page"}],"author":[{"embeddable":true,"href":"https:\/\/alojamientoslucena.com\/fr\/wp-json\/wp\/v2\/users\/1"}],"replies":[{"embeddable":true,"href":"https:\/\/alojamientoslucena.com\/fr\/wp-json\/wp\/v2\/comments?post=2162"}],"version-history":[{"count":1,"href":"https:\/\/alojamientoslucena.com\/fr\/wp-json\/wp\/v2\/pages\/2162\/revisions"}],"predecessor-version":[{"id":2163,"href":"https:\/\/alojamientoslucena.com\/fr\/wp-json\/wp\/v2\/pages\/2162\/revisions\/2163"}],"wp:attachment":[{"href":"https:\/\/alojamientoslucena.com\/fr\/wp-json\/wp\/v2\/media?parent=2162"}],"curies":[{"name":"wp","href":"https:\/\/api.w.org\/{rel}","templated":true}]}}